{"id":3308,"date":"2021-11-24T08:49:32","date_gmt":"2021-11-24T08:49:32","guid":{"rendered":"https:\/\/www.sauter-fm.com\/energieeffizientes-fm\/planung-und-kostenschaetzung-von-effizienzmassnahmen\/"},"modified":"2024-06-21T08:09:54","modified_gmt":"2024-06-21T08:09:54","slug":"planification-et-estimation-des-couts-des-mesures-defficacite","status":"publish","type":"page","link":"https:\/\/www.sauter-fm.com\/fr\/services\/fm-efficace-en-energie\/planification-et-estimation-des-couts-des-mesures-defficacite\/","title":{"rendered":"Planification et calcul du retour sur investissement des mesures d\u2019efficacit\u00e9"},"content":{"rendered":"<p><img decoding=\"async\" class=\"size-medium wp-image-2380 alignleft\" src=\"https:\/\/www.sauter-fm.com\/wp-content\/uploads\/sites\/32\/2022\/02\/SAUTER_FM_Kostenschaetzung_353x212_Verlauf-300x180.jpg\" alt=\"\" width=\"300\" height=\"180\" srcset=\"https:\/\/www.sauter-fm.com\/wp-content\/uploads\/sites\/32\/2022\/02\/SAUTER_FM_Kostenschaetzung_353x212_Verlauf-300x180.jpg 300w, https:\/\/www.sauter-fm.com\/wp-content\/uploads\/sites\/32\/2022\/02\/SAUTER_FM_Kostenschaetzung_353x212_Verlauf-225x135.jpg 225w, https:\/\/www.sauter-fm.com\/wp-content\/uploads\/sites\/32\/2022\/02\/SAUTER_FM_Kostenschaetzung_353x212_Verlauf.jpg 353w\" sizes=\"(max-width: 300px) 100vw, 300px\" \/><\/p>\n<p>En r\u00e8gle g\u00e9n\u00e9rale, nous mettons nous-m\u00eames en \u0153uvre les mesures d\u2019\u00e9conomie d\u00e9termin\u00e9es dans le cadre du conseil en \u00e9nergie pour le compte des clients. Pour ce faire, il est n\u00e9cessaire de proc\u00e9der \u00e0 une planification couvrant l\u2019ensemble des profils de m\u00e9tier classiques de la technique du b\u00e2timent. Comme les activit\u00e9s de construction se d\u00e9roulent exclusivement dans la partie existante et le plus souvent en cours d\u2019exploitation, il convient d\u2019int\u00e9grer la construction s\u00e8che, la protection contre les incendies, les r\u00e9glementations l\u00e9gales, ainsi que les mesures constructives pr\u00e9alables et post\u00e9rieures dans la planification de la r\u00e9alisation ult\u00e9rieure. Pour la conception et l\u2019\u00e9valuation \u00e9nerg\u00e9tique, nous utilisons des solutions logicielles professionnelles connues. Cela vaut \u00e9galement pour l\u2019observation dynamique des syst\u00e8mes \u00e9nerg\u00e9tiques dans un b\u00e2timent.<\/p>\n<ul>\n<li>Conception classique (charge thermique\/frigorifique et volumes d\u2019air)<\/li>\n<li>Bilan \u00e9nerg\u00e9tique selon DIN\u00a0V\u00a018599\/VDI2067<\/li>\n<li>Planification CVC de la conception \u00e0 la mise en \u0153uvre<\/li>\n<li>Calcul et simulation au moyen de solutions logicielles professionnelles<\/li>\n<li>Expertise et solutions possibles en mati\u00e8re d\u2019automatisation de b\u00e2timents<\/li>\n<\/ul>\n","protected":false},"excerpt":{"rendered":"<p>En r\u00e8gle g\u00e9n\u00e9rale, nous mettons nous-m\u00eames en \u0153uvre les mesures d\u2019\u00e9conomie d\u00e9termin\u00e9es dans le cadre du conseil en \u00e9nergie pour le compte des clients. Pour ce faire, il est n\u00e9cessaire de proc\u00e9der \u00e0 une planification couvrant l\u2019ensemble des profils de m\u00e9tier classiques de la technique du b\u00e2timent. Comme les activit\u00e9s de construction se d\u00e9roulent exclusivement [&hellip;]<\/p>\n","protected":false},"author":6,"featured_media":0,"parent":3293,"menu_order":0,"comment_status":"closed","ping_status":"closed","template":"","meta":{"_acf_changed":false,"footnotes":""},"class_list":["post-3308","page","type-page","status-publish","hentry"],"acf":[],"yoast_head":"<!-- This site is optimized with the Yoast SEO plugin v26.1.1 - https:\/\/yoast.com\/wordpress\/plugins\/seo\/ -->\n<title>Planification et mesures d&#039;efficacit\u00e9 | SAUTER<\/title>\n<meta name=\"description\" content=\"Nous mettons nous-m\u00eames en \u0153uvre les mesures d&#039;\u00e9conomie identifi\u00e9es dans le cadre du conseil en \u00e9nergie pour le compte du client.\" \/>\n<meta name=\"robots\" content=\"index, follow, max-snippet:-1, max-image-preview:large, max-video-preview:-1\" \/>\n<link rel=\"canonical\" href=\"https:\/\/www.sauter-fm.com\/fr\/services\/fm-efficace-en-energie\/planification-et-estimation-des-couts-des-mesures-defficacite\/\" \/>\n<meta property=\"og:locale\" content=\"fr_FR\" \/>\n<meta property=\"og:type\" content=\"article\" \/>\n<meta property=\"og:title\" content=\"Planification et mesures d&#039;efficacit\u00e9 | SAUTER\" \/>\n<meta property=\"og:description\" content=\"Nous mettons nous-m\u00eames en \u0153uvre les mesures d&#039;\u00e9conomie identifi\u00e9es dans le cadre du conseil en \u00e9nergie pour le compte du client.\" \/>\n<meta property=\"og:url\" content=\"https:\/\/www.sauter-fm.com\/fr\/services\/fm-efficace-en-energie\/planification-et-estimation-des-couts-des-mesures-defficacite\/\" \/>\n<meta property=\"og:site_name\" content=\"Sauter FM\" \/>\n<meta property=\"article:modified_time\" content=\"2024-06-21T08:09:54+00:00\" \/>\n<meta property=\"og:image\" content=\"https:\/\/www.sauter-fm.com\/wp-content\/uploads\/sites\/32\/2022\/02\/SAUTER_FM_Kostenschaetzung_353x212_Verlauf-300x180.jpg\" \/>\n<meta name=\"twitter:card\" content=\"summary_large_image\" \/>\n<meta name=\"twitter:label1\" content=\"Dur\u00e9e de lecture estim\u00e9e\" \/>\n\t<meta name=\"twitter:data1\" content=\"2 minutes\" \/>\n<script type=\"application\/ld+json\" class=\"yoast-schema-graph\">{\"@context\":\"https:\/\/schema.org\",\"@graph\":[{\"@type\":\"WebPage\",\"@id\":\"https:\/\/www.sauter-fm.com\/fr\/services\/fm-efficace-en-energie\/planification-et-estimation-des-couts-des-mesures-defficacite\/\",\"url\":\"https:\/\/www.sauter-fm.com\/fr\/services\/fm-efficace-en-energie\/planification-et-estimation-des-couts-des-mesures-defficacite\/\",\"name\":\"Planification et mesures d'efficacit\u00e9 | SAUTER\",\"isPartOf\":{\"@id\":\"https:\/\/www.sauter-fm.com\/#website\"},\"primaryImageOfPage\":{\"@id\":\"https:\/\/www.sauter-fm.com\/fr\/services\/fm-efficace-en-energie\/planification-et-estimation-des-couts-des-mesures-defficacite\/#primaryimage\"},\"image\":{\"@id\":\"https:\/\/www.sauter-fm.com\/fr\/services\/fm-efficace-en-energie\/planification-et-estimation-des-couts-des-mesures-defficacite\/#primaryimage\"},\"thumbnailUrl\":\"https:\/\/www.sauter-fm.com\/wp-content\/uploads\/sites\/32\/2022\/02\/SAUTER_FM_Kostenschaetzung_353x212_Verlauf-300x180.jpg\",\"datePublished\":\"2021-11-24T08:49:32+00:00\",\"dateModified\":\"2024-06-21T08:09:54+00:00\",\"description\":\"Nous mettons nous-m\u00eames en \u0153uvre les mesures d'\u00e9conomie identifi\u00e9es dans le cadre du conseil en \u00e9nergie pour le compte du client.\",\"breadcrumb\":{\"@id\":\"https:\/\/www.sauter-fm.com\/fr\/services\/fm-efficace-en-energie\/planification-et-estimation-des-couts-des-mesures-defficacite\/#breadcrumb\"},\"inLanguage\":\"fr-FR\",\"potentialAction\":[{\"@type\":\"ReadAction\",\"target\":[\"https:\/\/www.sauter-fm.com\/fr\/services\/fm-efficace-en-energie\/planification-et-estimation-des-couts-des-mesures-defficacite\/\"]}]},{\"@type\":\"ImageObject\",\"inLanguage\":\"fr-FR\",\"@id\":\"https:\/\/www.sauter-fm.com\/fr\/services\/fm-efficace-en-energie\/planification-et-estimation-des-couts-des-mesures-defficacite\/#primaryimage\",\"url\":\"https:\/\/www.sauter-fm.com\/wp-content\/uploads\/sites\/32\/2022\/02\/SAUTER_FM_Kostenschaetzung_353x212_Verlauf-300x180.jpg\",\"contentUrl\":\"https:\/\/www.sauter-fm.com\/wp-content\/uploads\/sites\/32\/2022\/02\/SAUTER_FM_Kostenschaetzung_353x212_Verlauf-300x180.jpg\"},{\"@type\":\"BreadcrumbList\",\"@id\":\"https:\/\/www.sauter-fm.com\/fr\/services\/fm-efficace-en-energie\/planification-et-estimation-des-couts-des-mesures-defficacite\/#breadcrumb\",\"itemListElement\":[{\"@type\":\"ListItem\",\"position\":1,\"name\":\"Home\",\"item\":\"https:\/\/www.sauter-fm.com\/fr\/\"},{\"@type\":\"ListItem\",\"position\":2,\"name\":\"Services\",\"item\":\"https:\/\/www.sauter-fm.com\/fr\/services\/\"},{\"@type\":\"ListItem\",\"position\":3,\"name\":\"FM efficace en \u00e9nergie\",\"item\":\"https:\/\/www.sauter-fm.com\/fr\/services\/fm-efficace-en-energie\/\"},{\"@type\":\"ListItem\",\"position\":4,\"name\":\"Planification et calcul du retour sur investissement des mesures d\u2019efficacit\u00e9\"}]},{\"@type\":\"WebSite\",\"@id\":\"https:\/\/www.sauter-fm.com\/#website\",\"url\":\"https:\/\/www.sauter-fm.com\/\",\"name\":\"Sauter FM\",\"description\":\"SAUTER Facility Management\",\"potentialAction\":[{\"@type\":\"SearchAction\",\"target\":{\"@type\":\"EntryPoint\",\"urlTemplate\":\"https:\/\/www.sauter-fm.com\/?s={search_term_string}\"},\"query-input\":{\"@type\":\"PropertyValueSpecification\",\"valueRequired\":true,\"valueName\":\"search_term_string\"}}],\"inLanguage\":\"fr-FR\"}]}<\/script>\n<!-- \/ Yoast SEO plugin. -->","yoast_head_json":{"title":"Planification et mesures d'efficacit\u00e9 | SAUTER","description":"Nous mettons nous-m\u00eames en \u0153uvre les mesures d'\u00e9conomie identifi\u00e9es dans le cadre du conseil en \u00e9nergie pour le compte du client.","robots":{"index":"index","follow":"follow","max-snippet":"max-snippet:-1","max-image-preview":"max-image-preview:large","max-video-preview":"max-video-preview:-1"},"canonical":"https:\/\/www.sauter-fm.com\/fr\/services\/fm-efficace-en-energie\/planification-et-estimation-des-couts-des-mesures-defficacite\/","og_locale":"fr_FR","og_type":"article","og_title":"Planification et mesures d'efficacit\u00e9 | SAUTER","og_description":"Nous mettons nous-m\u00eames en \u0153uvre les mesures d'\u00e9conomie identifi\u00e9es dans le cadre du conseil en \u00e9nergie pour le compte du client.","og_url":"https:\/\/www.sauter-fm.com\/fr\/services\/fm-efficace-en-energie\/planification-et-estimation-des-couts-des-mesures-defficacite\/","og_site_name":"Sauter FM","article_modified_time":"2024-06-21T08:09:54+00:00","og_image":[{"url":"https:\/\/www.sauter-fm.com\/wp-content\/uploads\/sites\/32\/2022\/02\/SAUTER_FM_Kostenschaetzung_353x212_Verlauf-300x180.jpg","type":"","width":"","height":""}],"twitter_card":"summary_large_image","twitter_misc":{"Dur\u00e9e de lecture estim\u00e9e":"2 minutes"},"schema":{"@context":"https:\/\/schema.org","@graph":[{"@type":"WebPage","@id":"https:\/\/www.sauter-fm.com\/fr\/services\/fm-efficace-en-energie\/planification-et-estimation-des-couts-des-mesures-defficacite\/","url":"https:\/\/www.sauter-fm.com\/fr\/services\/fm-efficace-en-energie\/planification-et-estimation-des-couts-des-mesures-defficacite\/","name":"Planification et mesures d'efficacit\u00e9 | SAUTER","isPartOf":{"@id":"https:\/\/www.sauter-fm.com\/#website"},"primaryImageOfPage":{"@id":"https:\/\/www.sauter-fm.com\/fr\/services\/fm-efficace-en-energie\/planification-et-estimation-des-couts-des-mesures-defficacite\/#primaryimage"},"image":{"@id":"https:\/\/www.sauter-fm.com\/fr\/services\/fm-efficace-en-energie\/planification-et-estimation-des-couts-des-mesures-defficacite\/#primaryimage"},"thumbnailUrl":"https:\/\/www.sauter-fm.com\/wp-content\/uploads\/sites\/32\/2022\/02\/SAUTER_FM_Kostenschaetzung_353x212_Verlauf-300x180.jpg","datePublished":"2021-11-24T08:49:32+00:00","dateModified":"2024-06-21T08:09:54+00:00","description":"Nous mettons nous-m\u00eames en \u0153uvre les mesures d'\u00e9conomie identifi\u00e9es dans le cadre du conseil en \u00e9nergie pour le compte du client.","breadcrumb":{"@id":"https:\/\/www.sauter-fm.com\/fr\/services\/fm-efficace-en-energie\/planification-et-estimation-des-couts-des-mesures-defficacite\/#breadcrumb"},"inLanguage":"fr-FR","potentialAction":[{"@type":"ReadAction","target":["https:\/\/www.sauter-fm.com\/fr\/services\/fm-efficace-en-energie\/planification-et-estimation-des-couts-des-mesures-defficacite\/"]}]},{"@type":"ImageObject","inLanguage":"fr-FR","@id":"https:\/\/www.sauter-fm.com\/fr\/services\/fm-efficace-en-energie\/planification-et-estimation-des-couts-des-mesures-defficacite\/#primaryimage","url":"https:\/\/www.sauter-fm.com\/wp-content\/uploads\/sites\/32\/2022\/02\/SAUTER_FM_Kostenschaetzung_353x212_Verlauf-300x180.jpg","contentUrl":"https:\/\/www.sauter-fm.com\/wp-content\/uploads\/sites\/32\/2022\/02\/SAUTER_FM_Kostenschaetzung_353x212_Verlauf-300x180.jpg"},{"@type":"BreadcrumbList","@id":"https:\/\/www.sauter-fm.com\/fr\/services\/fm-efficace-en-energie\/planification-et-estimation-des-couts-des-mesures-defficacite\/#breadcrumb","itemListElement":[{"@type":"ListItem","position":1,"name":"Home","item":"https:\/\/www.sauter-fm.com\/fr\/"},{"@type":"ListItem","position":2,"name":"Services","item":"https:\/\/www.sauter-fm.com\/fr\/services\/"},{"@type":"ListItem","position":3,"name":"FM efficace en \u00e9nergie","item":"https:\/\/www.sauter-fm.com\/fr\/services\/fm-efficace-en-energie\/"},{"@type":"ListItem","position":4,"name":"Planification et calcul du retour sur investissement des mesures d\u2019efficacit\u00e9"}]},{"@type":"WebSite","@id":"https:\/\/www.sauter-fm.com\/#website","url":"https:\/\/www.sauter-fm.com\/","name":"Sauter FM","description":"SAUTER Facility Management","potentialAction":[{"@type":"SearchAction","target":{"@type":"EntryPoint","urlTemplate":"https:\/\/www.sauter-fm.com\/?s={search_term_string}"},"query-input":{"@type":"PropertyValueSpecification","valueRequired":true,"valueName":"search_term_string"}}],"inLanguage":"fr-FR"}]}},"publishpress_future_action":{"enabled":false,"date":"2026-05-09 05:32:12","action":"change-status","newStatus":"draft","terms":[],"taxonomy":"translation_priority","extraData":[]},"publishpress_future_workflow_manual_trigger":{"enabledWorkflows":[]},"_links":{"self":[{"href":"https:\/\/www.sauter-fm.com\/fr\/wp-json\/wp\/v2\/pages\/3308","targetHints":{"allow":["GET"]}}],"collection":[{"href":"https:\/\/www.sauter-fm.com\/fr\/wp-json\/wp\/v2\/pages"}],"about":[{"href":"https:\/\/www.sauter-fm.com\/fr\/wp-json\/wp\/v2\/types\/page"}],"author":[{"embeddable":true,"href":"https:\/\/www.sauter-fm.com\/fr\/wp-json\/wp\/v2\/users\/6"}],"replies":[{"embeddable":true,"href":"https:\/\/www.sauter-fm.com\/fr\/wp-json\/wp\/v2\/comments?post=3308"}],"version-history":[{"count":5,"href":"https:\/\/www.sauter-fm.com\/fr\/wp-json\/wp\/v2\/pages\/3308\/revisions"}],"predecessor-version":[{"id":7168,"href":"https:\/\/www.sauter-fm.com\/fr\/wp-json\/wp\/v2\/pages\/3308\/revisions\/7168"}],"up":[{"embeddable":true,"href":"https:\/\/www.sauter-fm.com\/fr\/wp-json\/wp\/v2\/pages\/3293"}],"wp:attachment":[{"href":"https:\/\/www.sauter-fm.com\/fr\/wp-json\/wp\/v2\/media?parent=3308"}],"curies":[{"name":"wp","href":"https:\/\/api.w.org\/{rel}","templated":true}]}}