{"id":3284,"date":"2022-02-14T08:42:34","date_gmt":"2022-02-14T08:42:34","guid":{"rendered":"https:\/\/www.sauter-fm.com\/infrastrukturelles-fm\/ganzheitliches_fm\/"},"modified":"2024-07-05T11:06:19","modified_gmt":"2024-07-05T11:06:19","slug":"entretien-espaces-exterieurs","status":"publish","type":"page","link":"https:\/\/www.sauter-fm.com\/fr\/services\/fm-infrastructurel\/entretien-espaces-exterieurs\/","title":{"rendered":"Entretien des espaces verts et des espaces ext\u00e9rieurs"},"content":{"rendered":"<p><img decoding=\"async\" class=\"wp-image-6872 size-medium alignleft\" src=\"https:\/\/www.sauter-fm.com\/wp-content\/uploads\/sites\/32\/2023\/10\/gruen-und-aussenanlagenpflege-300x200.jpg\" alt=\"Leistungen Gr\u00fcn- und Au\u00dfenanlagenpflege\" width=\"300\" height=\"200\" srcset=\"https:\/\/www.sauter-fm.com\/wp-content\/uploads\/sites\/32\/2023\/10\/gruen-und-aussenanlagenpflege-300x200.jpg 300w, https:\/\/www.sauter-fm.com\/wp-content\/uploads\/sites\/32\/2023\/10\/gruen-und-aussenanlagenpflege-225x150.jpg 225w, https:\/\/www.sauter-fm.com\/wp-content\/uploads\/sites\/32\/2023\/10\/gruen-und-aussenanlagenpflege.jpg 375w\" sizes=\"(max-width: 300px) 100vw, 300px\" \/><\/p>\n<p>La premi\u00e8re impression est d\u00e9cisive. Les espaces verts et les surfaces ext\u00e9rieures sont la vitrine d\u2019un bien immobilier. Ils doivent \u00eatre entretenus r\u00e9guli\u00e8rement et de mani\u00e8re ad\u00e9quate. Outre l\u2019aspect visuel, il s\u2019agit ici d\u2019\u00e9liminer les risques. Les surfaces n\u00e9glig\u00e9es comportent des risques et peuvent, dans le pire des cas, mettre en danger les clients, les fournisseurs et les employ\u00e9s.<\/p>\n<p>Nos jardiniers qualifi\u00e9s et, le cas \u00e9ch\u00e9ant, nos autres \u00e9quipes effectuent les travaux d\u2019entretien avec attention et efficacit\u00e9. Vous devez bien entendu tenir compte de ces op\u00e9rations dans votre b\u00e2timent afin que celles-ci perturbent le moins possible son exploitation. Nous nous occupons de la praticabilit\u00e9 en toute s\u00e9curit\u00e9 de vos espaces verts et de vos installations ext\u00e9rieures, conform\u00e9ment aux normes ISO\u00a09001 et ISO\u00a014001 afin que vous puissiez les utiliser en toute d\u00e9contraction.<\/p>\n<ul>\n<li>Entretien de pelouses et de plantations<\/li>\n<li>Taille de d\u00e9broussaillage et d\u2019entretien des arbres, arbustes et haies<\/li>\n<li>Enl\u00e8vement du bois mort<\/li>\n<li>Entretien de plates-bandes en gravier<\/li>\n<li>Expertise d\u2019arbres et contr\u00f4les<\/li>\n<li>Nouvelles plantations et premi\u00e8res plantations<\/li>\n<li>R\u00e9am\u00e9nagement d\u2019espaces ext\u00e9rieurs<\/li>\n<li>Balayage des espaces priv\u00e9s et publics (conform\u00e9ment au r\u00e8glement local)<\/li>\n<li>Nettoyage des drains de rue et des bouches d\u2019\u00e9gout<\/li>\n<li>Nettoyage des parkings et des parkings souterrains<\/li>\n<\/ul>\n","protected":false},"excerpt":{"rendered":"<p>La premi\u00e8re impression est d\u00e9cisive. Les espaces verts et les surfaces ext\u00e9rieures sont la vitrine d\u2019un bien immobilier. Ils doivent \u00eatre entretenus r\u00e9guli\u00e8rement et de mani\u00e8re ad\u00e9quate. Outre l\u2019aspect visuel, il s\u2019agit ici d\u2019\u00e9liminer les risques. Les surfaces n\u00e9glig\u00e9es comportent des risques et peuvent, dans le pire des cas, mettre en danger les clients, les [&hellip;]<\/p>\n","protected":false},"author":8,"featured_media":0,"parent":3260,"menu_order":0,"comment_status":"closed","ping_status":"closed","template":"","meta":{"_acf_changed":false,"footnotes":""},"class_list":["post-3284","page","type-page","status-publish","hentry"],"acf":[],"yoast_head":"<!-- This site is optimized with the Yoast SEO plugin v26.1.1 - https:\/\/yoast.com\/wordpress\/plugins\/seo\/ -->\n<title>entretien espaces ext\u00e9rieurs | SAUTER<\/title>\n<meta name=\"description\" content=\"Nous prenons en charge, g\u00e9rons et contr\u00f4lons tous les services d&#039;infrastructure de votre b\u00e2timent. Plus d&#039;infos ici!\" \/>\n<meta name=\"robots\" content=\"index, follow, max-snippet:-1, max-image-preview:large, max-video-preview:-1\" \/>\n<link rel=\"canonical\" href=\"https:\/\/www.sauter-fm.com\/fr\/services\/fm-infrastructurel\/entretien-espaces-exterieurs\/\" \/>\n<meta property=\"og:locale\" content=\"fr_FR\" \/>\n<meta property=\"og:type\" content=\"article\" \/>\n<meta property=\"og:title\" content=\"entretien espaces ext\u00e9rieurs | SAUTER\" \/>\n<meta property=\"og:description\" content=\"Nous prenons en charge, g\u00e9rons et contr\u00f4lons tous les services d&#039;infrastructure de votre b\u00e2timent. Plus d&#039;infos ici!\" \/>\n<meta property=\"og:url\" content=\"https:\/\/www.sauter-fm.com\/fr\/services\/fm-infrastructurel\/entretien-espaces-exterieurs\/\" \/>\n<meta property=\"og:site_name\" content=\"Sauter FM\" \/>\n<meta property=\"article:modified_time\" content=\"2024-07-05T11:06:19+00:00\" \/>\n<meta property=\"og:image\" content=\"https:\/\/www.sauter-fm.com\/wp-content\/uploads\/sites\/32\/2023\/10\/gruen-und-aussenanlagenpflege-300x200.jpg\" \/>\n<meta name=\"twitter:card\" content=\"summary_large_image\" \/>\n<meta name=\"twitter:label1\" content=\"Dur\u00e9e de lecture estim\u00e9e\" \/>\n\t<meta name=\"twitter:data1\" content=\"2 minutes\" \/>\n<script type=\"application\/ld+json\" class=\"yoast-schema-graph\">{\"@context\":\"https:\/\/schema.org\",\"@graph\":[{\"@type\":\"WebPage\",\"@id\":\"https:\/\/www.sauter-fm.com\/fr\/services\/fm-infrastructurel\/entretien-espaces-exterieurs\/\",\"url\":\"https:\/\/www.sauter-fm.com\/fr\/services\/fm-infrastructurel\/entretien-espaces-exterieurs\/\",\"name\":\"entretien espaces ext\u00e9rieurs | SAUTER\",\"isPartOf\":{\"@id\":\"https:\/\/www.sauter-fm.com\/#website\"},\"primaryImageOfPage\":{\"@id\":\"https:\/\/www.sauter-fm.com\/fr\/services\/fm-infrastructurel\/entretien-espaces-exterieurs\/#primaryimage\"},\"image\":{\"@id\":\"https:\/\/www.sauter-fm.com\/fr\/services\/fm-infrastructurel\/entretien-espaces-exterieurs\/#primaryimage\"},\"thumbnailUrl\":\"https:\/\/www.sauter-fm.com\/wp-content\/uploads\/sites\/32\/2023\/10\/gruen-und-aussenanlagenpflege-300x200.jpg\",\"datePublished\":\"2022-02-14T08:42:34+00:00\",\"dateModified\":\"2024-07-05T11:06:19+00:00\",\"description\":\"Nous prenons en charge, g\u00e9rons et contr\u00f4lons tous les services d'infrastructure de votre b\u00e2timent. Plus d'infos ici!\",\"breadcrumb\":{\"@id\":\"https:\/\/www.sauter-fm.com\/fr\/services\/fm-infrastructurel\/entretien-espaces-exterieurs\/#breadcrumb\"},\"inLanguage\":\"fr-FR\",\"potentialAction\":[{\"@type\":\"ReadAction\",\"target\":[\"https:\/\/www.sauter-fm.com\/fr\/services\/fm-infrastructurel\/entretien-espaces-exterieurs\/\"]}]},{\"@type\":\"ImageObject\",\"inLanguage\":\"fr-FR\",\"@id\":\"https:\/\/www.sauter-fm.com\/fr\/services\/fm-infrastructurel\/entretien-espaces-exterieurs\/#primaryimage\",\"url\":\"https:\/\/www.sauter-fm.com\/wp-content\/uploads\/sites\/32\/2023\/10\/gruen-und-aussenanlagenpflege-300x200.jpg\",\"contentUrl\":\"https:\/\/www.sauter-fm.com\/wp-content\/uploads\/sites\/32\/2023\/10\/gruen-und-aussenanlagenpflege-300x200.jpg\"},{\"@type\":\"BreadcrumbList\",\"@id\":\"https:\/\/www.sauter-fm.com\/fr\/services\/fm-infrastructurel\/entretien-espaces-exterieurs\/#breadcrumb\",\"itemListElement\":[{\"@type\":\"ListItem\",\"position\":1,\"name\":\"Home\",\"item\":\"https:\/\/www.sauter-fm.com\/fr\/\"},{\"@type\":\"ListItem\",\"position\":2,\"name\":\"Services\",\"item\":\"https:\/\/www.sauter-fm.com\/fr\/services\/\"},{\"@type\":\"ListItem\",\"position\":3,\"name\":\"FM infrastructurel\",\"item\":\"https:\/\/www.sauter-fm.com\/fr\/services\/fm-infrastructurel\/\"},{\"@type\":\"ListItem\",\"position\":4,\"name\":\"Entretien des espaces verts et des espaces ext\u00e9rieurs\"}]},{\"@type\":\"WebSite\",\"@id\":\"https:\/\/www.sauter-fm.com\/#website\",\"url\":\"https:\/\/www.sauter-fm.com\/\",\"name\":\"Sauter FM\",\"description\":\"SAUTER Facility Management\",\"potentialAction\":[{\"@type\":\"SearchAction\",\"target\":{\"@type\":\"EntryPoint\",\"urlTemplate\":\"https:\/\/www.sauter-fm.com\/?s={search_term_string}\"},\"query-input\":{\"@type\":\"PropertyValueSpecification\",\"valueRequired\":true,\"valueName\":\"search_term_string\"}}],\"inLanguage\":\"fr-FR\"}]}<\/script>\n<!-- \/ Yoast SEO plugin. -->","yoast_head_json":{"title":"entretien espaces ext\u00e9rieurs | SAUTER","description":"Nous prenons en charge, g\u00e9rons et contr\u00f4lons tous les services d'infrastructure de votre b\u00e2timent. Plus d'infos ici!","robots":{"index":"index","follow":"follow","max-snippet":"max-snippet:-1","max-image-preview":"max-image-preview:large","max-video-preview":"max-video-preview:-1"},"canonical":"https:\/\/www.sauter-fm.com\/fr\/services\/fm-infrastructurel\/entretien-espaces-exterieurs\/","og_locale":"fr_FR","og_type":"article","og_title":"entretien espaces ext\u00e9rieurs | SAUTER","og_description":"Nous prenons en charge, g\u00e9rons et contr\u00f4lons tous les services d'infrastructure de votre b\u00e2timent. Plus d'infos ici!","og_url":"https:\/\/www.sauter-fm.com\/fr\/services\/fm-infrastructurel\/entretien-espaces-exterieurs\/","og_site_name":"Sauter FM","article_modified_time":"2024-07-05T11:06:19+00:00","og_image":[{"url":"https:\/\/www.sauter-fm.com\/wp-content\/uploads\/sites\/32\/2023\/10\/gruen-und-aussenanlagenpflege-300x200.jpg","type":"","width":"","height":""}],"twitter_card":"summary_large_image","twitter_misc":{"Dur\u00e9e de lecture estim\u00e9e":"2 minutes"},"schema":{"@context":"https:\/\/schema.org","@graph":[{"@type":"WebPage","@id":"https:\/\/www.sauter-fm.com\/fr\/services\/fm-infrastructurel\/entretien-espaces-exterieurs\/","url":"https:\/\/www.sauter-fm.com\/fr\/services\/fm-infrastructurel\/entretien-espaces-exterieurs\/","name":"entretien espaces ext\u00e9rieurs | SAUTER","isPartOf":{"@id":"https:\/\/www.sauter-fm.com\/#website"},"primaryImageOfPage":{"@id":"https:\/\/www.sauter-fm.com\/fr\/services\/fm-infrastructurel\/entretien-espaces-exterieurs\/#primaryimage"},"image":{"@id":"https:\/\/www.sauter-fm.com\/fr\/services\/fm-infrastructurel\/entretien-espaces-exterieurs\/#primaryimage"},"thumbnailUrl":"https:\/\/www.sauter-fm.com\/wp-content\/uploads\/sites\/32\/2023\/10\/gruen-und-aussenanlagenpflege-300x200.jpg","datePublished":"2022-02-14T08:42:34+00:00","dateModified":"2024-07-05T11:06:19+00:00","description":"Nous prenons en charge, g\u00e9rons et contr\u00f4lons tous les services d'infrastructure de votre b\u00e2timent. Plus d'infos ici!","breadcrumb":{"@id":"https:\/\/www.sauter-fm.com\/fr\/services\/fm-infrastructurel\/entretien-espaces-exterieurs\/#breadcrumb"},"inLanguage":"fr-FR","potentialAction":[{"@type":"ReadAction","target":["https:\/\/www.sauter-fm.com\/fr\/services\/fm-infrastructurel\/entretien-espaces-exterieurs\/"]}]},{"@type":"ImageObject","inLanguage":"fr-FR","@id":"https:\/\/www.sauter-fm.com\/fr\/services\/fm-infrastructurel\/entretien-espaces-exterieurs\/#primaryimage","url":"https:\/\/www.sauter-fm.com\/wp-content\/uploads\/sites\/32\/2023\/10\/gruen-und-aussenanlagenpflege-300x200.jpg","contentUrl":"https:\/\/www.sauter-fm.com\/wp-content\/uploads\/sites\/32\/2023\/10\/gruen-und-aussenanlagenpflege-300x200.jpg"},{"@type":"BreadcrumbList","@id":"https:\/\/www.sauter-fm.com\/fr\/services\/fm-infrastructurel\/entretien-espaces-exterieurs\/#breadcrumb","itemListElement":[{"@type":"ListItem","position":1,"name":"Home","item":"https:\/\/www.sauter-fm.com\/fr\/"},{"@type":"ListItem","position":2,"name":"Services","item":"https:\/\/www.sauter-fm.com\/fr\/services\/"},{"@type":"ListItem","position":3,"name":"FM infrastructurel","item":"https:\/\/www.sauter-fm.com\/fr\/services\/fm-infrastructurel\/"},{"@type":"ListItem","position":4,"name":"Entretien des espaces verts et des espaces ext\u00e9rieurs"}]},{"@type":"WebSite","@id":"https:\/\/www.sauter-fm.com\/#website","url":"https:\/\/www.sauter-fm.com\/","name":"Sauter FM","description":"SAUTER Facility Management","potentialAction":[{"@type":"SearchAction","target":{"@type":"EntryPoint","urlTemplate":"https:\/\/www.sauter-fm.com\/?s={search_term_string}"},"query-input":{"@type":"PropertyValueSpecification","valueRequired":true,"valueName":"search_term_string"}}],"inLanguage":"fr-FR"}]}},"publishpress_future_action":{"enabled":false,"date":"2026-05-07 04:35:35","action":"change-status","newStatus":"draft","terms":[],"taxonomy":"translation_priority","extraData":[]},"publishpress_future_workflow_manual_trigger":{"enabledWorkflows":[]},"_links":{"self":[{"href":"https:\/\/www.sauter-fm.com\/fr\/wp-json\/wp\/v2\/pages\/3284","targetHints":{"allow":["GET"]}}],"collection":[{"href":"https:\/\/www.sauter-fm.com\/fr\/wp-json\/wp\/v2\/pages"}],"about":[{"href":"https:\/\/www.sauter-fm.com\/fr\/wp-json\/wp\/v2\/types\/page"}],"author":[{"embeddable":true,"href":"https:\/\/www.sauter-fm.com\/fr\/wp-json\/wp\/v2\/users\/8"}],"replies":[{"embeddable":true,"href":"https:\/\/www.sauter-fm.com\/fr\/wp-json\/wp\/v2\/comments?post=3284"}],"version-history":[{"count":4,"href":"https:\/\/www.sauter-fm.com\/fr\/wp-json\/wp\/v2\/pages\/3284\/revisions"}],"predecessor-version":[{"id":7206,"href":"https:\/\/www.sauter-fm.com\/fr\/wp-json\/wp\/v2\/pages\/3284\/revisions\/7206"}],"up":[{"embeddable":true,"href":"https:\/\/www.sauter-fm.com\/fr\/wp-json\/wp\/v2\/pages\/3260"}],"wp:attachment":[{"href":"https:\/\/www.sauter-fm.com\/fr\/wp-json\/wp\/v2\/media?parent=3284"}],"curies":[{"name":"wp","href":"https:\/\/api.w.org\/{rel}","templated":true}]}}